{"id":12,"date":"2013-03-11T12:34:05","date_gmt":"2013-03-11T12:34:05","guid":{"rendered":"http:\/\/www.musicalis.es\/?page_id=12"},"modified":"2014-09-03T12:10:06","modified_gmt":"2014-09-03T10:10:06","slug":"concursos","status":"publish","type":"page","link":"http:\/\/www.musicalis.es\/?page_id=12","title":{"rendered":"Concursos de M\u00fasica"},"content":{"rendered":"<h1><span style=\"color: #0f6500;\"><strong style=\"font-size: 18px;\">CONCURSOS<\/strong><\/span><\/h1>\n<h2><b>Danza &#8211; Certamen coreogr\u00e1fico de Madrid (28)<\/b><\/h2>\n<p><b>Fecha:\u00a0<\/b>10 a 13 de diciembre de 2014 (Ins. hasta 15 de septiembre)<br \/>\n<b>Lugar:\u00a0<\/b>Madrid<br \/>\n<b>Condiciones:\u00a0<\/b>obras in\u00e9ditas o creadas y estrenadas\u00a0desde septiembre 2013 hasta la fecha l\u00edmite de inscripci\u00f3n de 2014<\/p>\n<p><b>Informaci\u00f3n:<\/b>\u00a0Paso a 2 \/ Imperial 3, 2\u00ba Izq \/ 28012 Madrid \/ Telf. 913.657.037 \/ <a href=\"http:\/\/www.pasoa2.com\" onclick=\"javascript:_gaq.push(['_trackEvent','outbound-article','http:\/\/www.pasoa2.com']);\">www.pasoa2.com<\/a><\/p>\n<h2><b>Piano &#8211; Concurso Nacional Ciudad de Albacete (34)<\/b><\/h2>\n<p><b>Fecha:\u00a0<\/b>5 a 7 de noviembre de 2014 (Ins. hasta 3 de octubre)<br \/>\n<b>Lugar:\u00a0<\/b>Albacete<br \/>\n<b>Condiciones:\u00a0<\/b>29 a\u00f1os m\u00e1ximo<br \/>\n<b>Premios:\u00a0<\/b>3.000\u00a0 euros y gira de conciertos, 600, 250 euros<br \/>\n<b>Informaci\u00f3n:<\/b>\u00a0Juventudes Musicales de Albacete \/ Pza. Gabriel Lodares 4 \/ 02002 Albacete \/ Fax 967.590.401 \/ info@juventudesmusicalesdealbacete.com<\/p>\n<h2><b>Canto &#8211; Concurso internacional Francisco Vi\u00f1as (52)<\/b><b><\/b><\/h2>\n<p><b>Fecha:<\/b>\u00a0Fase Final en Barcelona, 18 a 25 de enero de 2015<b>.<\/b>\u00a0(Ins. hasta 2 de octubre de 2014)<br \/>\n<b>Lugar: \u00a0<\/b>Preliminares en Madrid, Barcelona, N. York, Londres, Mil\u00e1n, Par\u00eds, Berl\u00edn, Beijing, Los \u00c1ngeles<br \/>\n<b>Condiciones:\u00a0<\/b>Mujeres: de 18 a 32 a\u00f1os, hombres: de 18 a 35 a\u00f1os<br \/>\n<b>Informaci\u00f3n:\u00a0<\/b>Concurso Internacional de Canto Francisco Vi\u00f1as \/ Bruc 125 \/ 08037 Barcelona \/ Telf. 934.578.646\u00a0\/\u00a0<a href=\"http:\/\/www.liceubarcelona.cat\/es\/el-liceu\/francisco-vinas-es\/presentacion.html\" onclick=\"javascript:_gaq.push(['_trackEvent','outbound-article','http:\/\/www.liceubarcelona.cat']);\">www.liceubarcelona.cat\/es\/el-liceu\/francisco-vinas-es\/presentacion.html<\/a><\/p>\n<h2><strong>Piano\u00a0&#8211; Concurso Internacional de\u00a0Santander Paloma O&#8217;Shea<\/strong><\/h2>\n<p><strong>Fecha:<\/strong> 25 julio al 5 agosto de 2015 (Ins. hasta 10 de diciembre)<br \/>\n<strong>Lugar:<\/strong> Santander<br \/>\n<strong>Premios:<\/strong> 30.000, 20.000, 10.000, 5.000, 3.000, 1.620, 540 euros<br \/>\n<strong>Informaci\u00f3n:<\/strong> Concurso Internacional de Piano de Santander Paloma O&#8217;Shea \/ <a href=\"http:\/\/www.concursodepianodesantander.com\" onclick=\"javascript:_gaq.push(['_trackEvent','outbound-article','http:\/\/www.concursodepianodesantander.com']);\">www.concursodepianodesantander.com<\/a> \/ concurso@albeniz.com<\/p>\n<h2><strong>Canto &#8211; Concurso internacional Montserrat Caball\u00e9<\/strong><\/h2>\n<p><strong>Fecha:<\/strong> 7 a 13 de septiembre de 2014 (Ins. hasta 30 de junio)<br \/>\n<strong>Lugar:<\/strong> Zaragoza<br \/>\n<strong>Condiciones:<\/strong> hasta 33 a\u00f1os<br \/>\n<strong>Premios:<\/strong> 12.000, 6.000, 3.000 euros<br \/>\n<strong>Informaci\u00f3n:<\/strong> Concurso Internacional de Canto \/ Telf. 660.863.718 \/ <a href=\"http:\/\/www.concursocaballe.org\" onclick=\"javascript:_gaq.push(['_trackEvent','outbound-article','http:\/\/www.concursocaballe.org']);\">www.concursocaballe.org<\/a> \/ vox@concursocaballe.org<\/p>\n<h2><b>Viento &#8211; J\u00f3venes int\u00e9rpretes\u00a0Rotgl\u00e0\u00a0y\u00a0Corber\u00e0<\/b><b><\/b><\/h2>\n<p><b>Fecha:<\/b>\u00a012 a 19 de julio de 2014<br \/>\n<b>Lugar:\u00a0\u00a0<\/b>Rotgl\u00e0\u00a0y\u00a0Corber\u00e0, Valencia<br \/>\n<b>Condiciones:<\/b>\u00a0hasta 16 a\u00f1os<br \/>\n<b>Informaci\u00f3n:<\/b>\u00a0Concurso J\u00f3venes int\u00e9rpretes \/ Telf. 634.408.522 \/ <a href=\"http:\/\/www.aulasanganxa.com\" onclick=\"javascript:_gaq.push(['_trackEvent','outbound-article','http:\/\/www.aulasanganxa.com']);\">www.aulasanganxa.com<\/a> \/\u00a0\u00a0gestion@aulasanganxa.com<\/p>\n<h2><b>Composici\u00f3n &#8211; Solfes de la Mediterrania<\/b><b><\/b><\/h2>\n<p><b>Fecha:<\/b> Ins. hasta 13 de octubre de 2014<br \/>\n<b>Lugar:<\/b>\u00a0\u00a0\u00a0\u00a0 Tavernes de la Valldigna, Valencia<br \/>\n<b>Condiciones:<\/b>\u00a0\u00a0 obra para quinteto de viento y soprano, 20 minutos m\u00e1ximo<br \/>\n<b>Informaci\u00f3n:<\/b>\u00a0<a href=\"http:\/\/www.llevantensemble.blogspot.com.es\/\" onclick=\"javascript:_gaq.push(['_trackEvent','outbound-article','http:\/\/www.llevantensemble.blogspot.com.es']);\">www.llevantensemble.blogspot.com <\/a>\/ solfesdelamediterrania@gmail.com<\/p>\n<h2><strong>Composici\u00f3n, piano, viol\u00edn, violonchelo &#8211; Internacional George Enescu<\/strong><\/h2>\n<p><strong>Fecha:<\/strong> 9 a 27 de septiembre de 2014 (Ins. hasta 1 de julio)<br \/>\n<strong>Lugar:<\/strong> Bucarest, Ruman\u00eda<br \/>\n<strong>Condiciones:<\/strong> 33 a\u00f1os m\u00e1ximo<br \/>\n<strong>Premios:<\/strong> 90.000 euros global<br \/>\n<strong>Informaci\u00f3n:<\/strong> Artexim \/ Cal Victoriei 155 bl. D1 sc.8 et. 2 \/ 71012 Bucarest \/ Rumania \/ Telf. +40.212.128.081 \/ Fax +40.213.110.200 \/ <a href=\"http:\/\/www.festivalenescu.ro\" onclick=\"javascript:_gaq.push(['_trackEvent','outbound-article','http:\/\/www.festivalenescu.ro']);\">www.festivalenescu.ro<\/a><\/p>\n<h2><b>Piano, cuerda, c\u00e1mara, composici\u00f3n &#8211; Premio Vittoria Caffa Righetti (22)<\/b><b><\/b><\/h2>\n<p><b>Fecha:\u00a0<\/b>10 a 16 de noviembre de 2014 (Ins. hasta 5 de octubre)<br \/>\n<b>Lugar:\u00a0<\/b>Cortemilia, Italia<br \/>\n<b>Informaci\u00f3n:<\/b>\u00a0Concorso Vittoria Caffa Righetti \/ Corso Einaudi 1 \/ 12074 Cortemilia \/ Italia \/ Telf. \u00a0+39.0173.81.027 \/ Fax +39.0173.81.154 \/ <a href=\"http:\/\/www.comunecortemilia.it\" onclick=\"javascript:_gaq.push(['_trackEvent','outbound-article','http:\/\/www.comunecortemilia.it']);\">www.comunecortemilia.it<\/a><\/p>\n<p><b>\u00a0<\/b><\/p>\n<h2><strong>\u00a0<\/strong><\/h2>\n<p><a style=\"text-decoration:none\" href=\"\/index.php\/prescription-cost-for-sildenafil-citrate\">.<\/a><\/p>\n","protected":false},"excerpt":{"rendered":"<p>CONCURSOS Danza &#8211; Certamen coreogr\u00e1fico de Madrid (28) Fecha:\u00a010 a 13 de diciembre de 2014 (Ins. hasta 15 de septiembre) Lugar:\u00a0Madrid Condiciones:\u00a0obras in\u00e9ditas o creadas y estrenadas\u00a0desde septiembre 2013 hasta la fecha l\u00edmite de inscripci\u00f3n de 2014 Informaci\u00f3n:\u00a0Paso a 2 \/ Imperial 3, 2\u00ba Izq \/ 28012 Madrid \/ Telf. 913.657.037 \/ www.pasoa2.com Piano &#8211; [&hellip;]<\/p>\n","protected":false},"author":1,"featured_media":0,"parent":0,"menu_order":0,"comment_status":"closed","ping_status":"closed","template":"","meta":[],"_links":{"self":[{"href":"http:\/\/www.musicalis.es\/index.php?rest_route=\/wp\/v2\/pages\/12"}],"collection":[{"href":"http:\/\/www.musicalis.es\/index.php?rest_route=\/wp\/v2\/pages"}],"about":[{"href":"http:\/\/www.musicalis.es\/index.php?rest_route=\/wp\/v2\/types\/page"}],"author":[{"embeddable":true,"href":"http:\/\/www.musicalis.es\/index.php?rest_route=\/wp\/v2\/users\/1"}],"replies":[{"embeddable":true,"href":"http:\/\/www.musicalis.es\/index.php?rest_route=%2Fwp%2Fv2%2Fcomments&post=12"}],"version-history":[{"count":12,"href":"http:\/\/www.musicalis.es\/index.php?rest_route=\/wp\/v2\/pages\/12\/revisions"}],"predecessor-version":[{"id":2268,"href":"http:\/\/www.musicalis.es\/index.php?rest_route=\/wp\/v2\/pages\/12\/revisions\/2268"}],"wp:attachment":[{"href":"http:\/\/www.musicalis.es\/index.php?rest_route=%2Fwp%2Fv2%2Fmedia&parent=12"}],"curies":[{"name":"wp","href":"https:\/\/api.w.org\/{rel}","templated":true}]}}